{"id":62427,"date":"2024-05-31T16:17:21","date_gmt":"2024-05-31T14:17:21","guid":{"rendered":"https:\/\/schwarzmueller.com\/vop\/"},"modified":"2025-11-25T11:18:20","modified_gmt":"2025-11-25T10:18:20","slug":"owh","status":"publish","type":"page","link":"https:\/\/schwarzmueller.com\/pl\/informacje-kontakt\/owh\/","title":{"rendered":"OWH"},"content":{"rendered":"<section  class='av_textblock_section av-17ys2qa-825045b50deed04aeb25715d8dd5f1bd '   itemscope=\"itemscope\" itemtype=\"https:\/\/schema.org\/CreativeWork\" ><div class='avia_textblock sch-breadcrumb'  itemprop=\"text\" ><div class=\"breadcrumb breadcrumbs avia-breadcrumbs\"><div class=\"breadcrumb-trail\" ><span class=\"trail-before\"><span class=\"breadcrumb-title\">Jeste\u015b tutaj:<\/span><\/span> <span  itemscope=\"itemscope\" itemtype=\"https:\/\/schema.org\/BreadcrumbList\" ><span  itemscope=\"itemscope\" itemtype=\"https:\/\/schema.org\/ListItem\" itemprop=\"itemListElement\" ><a itemprop=\"url\" href=\"https:\/\/schwarzmueller.com\/pl\/\" title=\"Schwarzm\u00fcller\" rel=\"home\" class=\"trail-begin\"><span itemprop=\"name\">Home<\/span><\/a><span itemprop=\"position\" class=\"hidden\">1<\/span><\/span><\/span><\/div><\/div>\n<\/div><\/section>\n<\/div><\/div><\/div><!-- close content main div --><\/div><\/div><div id='av_section_1'  class='avia-section av-jty7n6-85f3db2bd9f4079cf2da302b5996d96c main_color avia-section-default avia-no-border-styling  avia-builder-el-1  el_after_av_textblock  el_before_av_section  avia-bg-style-scroll container_wrap sidebar_left'  ><div class='container av-section-cont-open' ><div class='template-page content  av-content-small units'><div class='post-entry post-entry-type-page post-entry-62427'><div class='entry-content-wrapper clearfix'>\n<section  class='av_textblock_section av-lylca3fl-bc04c4470c96b8b0fe966d1c60f1d006 '   itemscope=\"itemscope\" itemtype=\"https:\/\/schema.org\/CreativeWork\" ><div class='avia_textblock'  itemprop=\"text\" ><div id=\"c16364\" class=\"frame frame-type-text frame-layout-0 frame-space-before-extra-large frame-space-after-extra-large frame-padding-top-none frame-padding-bottom-none frame-\">\n<div class=\"ce-content\">\n<div id=\"c2280\" class=\"frame frame-type-text frame-layout-0 frame-space-before-extra-large frame-space-after-extra-large frame-padding-top-none frame-padding-bottom-none frame-\">\n<h1>OWH<\/h1>\n<p>Zawsze w pierwszej kolejno\u015bci obowi\u0105zuj\u0105 <a href=\"#owh-kraje\" data-cke-saved-href=\"https:\/\/www.schwarzmueller.com\/pl\/informacje-kontakt\/owh\/#owh-kraje\">OWH w\u0142a\u015bciwe dla danego kraju<\/a>, kt\u00f3re mo\u017cna znale\u017a\u0107 na ko\u0144cu tego tekstu.<\/p>\n<h2>Og\u00f3lne warunki sprzeda\u017cy i dostawy<br \/>\nSchwarzm\u00fcller \u2013 Polska Sp. z o.o.<\/h2>\n<p>Wersja od 01.05.2023<\/p>\n<p><strong>I.\u00a0\u00a0 \u00a0Og\u00f3lne<\/strong><br \/>\nNiniejsze Og\u00f3lne Warunki Sprzeda\u017cy i Dostawy maj\u0105 zastosowanie do wszystkich transakcji prawnych i \u015bwiadczenia us\u0142ug, w kt\u00f3rych Schwarzm\u00fcller \u2013 Polska Sp\u00f3\u0142ka z ograniczon\u0105 odpowiedzialno\u015bci\u0105 z siedzib\u0105 w B\u0142oniu, KRS 0000370280, (zwany dalej \u201eSchwarzm\u00fcller\u201d) wyst\u0119puje jako strona umowy. W takim przypadku, niniejsze Og\u00f3lne Warunki Sprzeda\u017cy i Dostawy maj\u0105 wy\u0142\u0105czne zastosowanie.<br \/>\nNiniejsze Og\u00f3lne Warunki Sprzeda\u017cy i Dostawy zosta\u0142y opracowane wy\u0142\u0105cznie na potrzeby transakcji biznesowych zawieranych przez przedsi\u0119biorc\u00f3w. Wyklucza si\u0119 sprzeda\u017c na rzecz os\u00f3b prywatnych (konsument\u00f3w).<br \/>\nW przypadku, gdy Schwarzm\u00fcller dzia\u0142a jako przedstawiciel (agent): (i) Wilhelm Schwarzm\u00fcller GmbH, Austria (FN 364874 f), (ii) Schwarzm\u00fcller Kft., W\u0119gry (Cg: 13-09-068664), (iii) Schwarzm\u00fcller s.r.o., Czechy (IC 46885820), (iv) Schwarzm\u00fcller Deutschland GmbH, Niemcy (HRB \u00a09333), niniejszych Og\u00f3lnych Warunk\u00f3w Sprzeda\u017cy i Dostawy nie stosuje si\u0119, natomiast zastosowanie maj\u0105 Og\u00f3lne Warunki Sprzeda\u017cy i Dostawy odpowiednio: (i) Wilhelm Schwarzm\u00fcller GmbH, Austria (FN 364874 f), (ii) Schwarzm\u00fcller Kft., W\u0119gry (Cg: 13-09-068664), (iii) Schwarzm\u00fcller s.r.o., Czechy (IC 46885820), (iv) Schwarzm\u00fcller Deutschland GmbH, Niemcy (HRB \u00a09333).<\/p>\n<p><strong>II.\u00a0\u00a0 \u00a0Zawarcie i tre\u015b\u0107 umowy<\/strong><br \/>\nOferty zawarte w Internecie, broszurach, reklamach i innych materia\u0142ach promocyjnych mog\u0105 ulec zmianie i nie s\u0105 wi\u0105\u017c\u0105ce, chyba \u017ce zosta\u0142y wyra\u017anie oznaczone jako wi\u0105\u017c\u0105ce. Schwarzm\u00fcller nie ponosi odpowiedzialno\u015bci za b\u0142\u0119dy i pomy\u0142ki w druku.<br \/>\nNa \u017c\u0105danie Kontrahenta, Schwarzm\u00fcller prze\u015ble Kontrahentowi pisemn\u0105 ofert\u0119 zawieraj\u0105c\u0105 wszystkie niezb\u0119dne specyfikacje zam\u00f3wienia. Do zawarcia umowy dochodzi wraz z otrzymaniem przez Schwarzm\u00fcller podpisanego przez Schwarzm\u00fcller i Kontrahenta zam\u00f3wienia.<br \/>\nKontrahent wyra\u017anie potwierdza, \u017ce tre\u015b\u0107 umowy sk\u0142ada si\u0119 wy\u0142\u0105cznie z: (i) podpisanego przez Schwarzm\u00fcller i Kontrahenta pisemnego zam\u00f3wienia, (ii) niniejszych Og\u00f3lnych Warunk\u00f3w Sprzeda\u017cy i Dostawy i nie dopuszcza si\u0119 \u017cadnych ustnych um\u00f3w dodatkowych. Wszelkie umowy, kt\u00f3re odbiegaj\u0105 od pisemnej oferty i\/lub zam\u00f3wienia lub je uzupe\u0142niaj\u0105, maj\u0105 zastosowanie wy\u0142\u0105cznie wtedy, gdy zostan\u0105 potwierdzone na pi\u015bmie przez firm\u0119 Schwarzm\u00fcller.<br \/>\nP\u00f3\u017aniejsze zmiany\/korekty zam\u00f3wienia s\u0105 zasadniczo mo\u017cliwe wy\u0142\u0105cznie w formie pisemnej. Zostan\u0105 one uznane za zaakceptowane tylko wtedy, gdy zostan\u0105 potwierdzone na pi\u015bmie przez Schwarzm\u00fcller. P\u00f3\u017aniejsze zmiany w zam\u00f3wieniu zawsze s\u0105 odp\u0142atne. Je\u015bli p\u00f3\u017aniejsza zmiana wymaga jakiejkolwiek zmiany w projekcie przedmiotu dostawy, Schwarzm\u00fcller nie b\u0119dzie zwi\u0105zany uprzednio uzgodnionym terminem dostawy. Schwarzm\u00fcller wska\u017ce nowy termin dostawy na pi\u015bmie (wi\u0119cej informacji na temat dostawy zawiera punkt VII).<br \/>\nSchwarzm\u00fcller zastrzega sobie prawo do wprowadzania zmian w zakresie konstrukcji i formy w trakcie okresu realizacji dostawy. Dane w opisach dotycz\u0105ce wydajno\u015bci, mas, koszt\u00f3w eksploatacji, pr\u0119dko\u015bci itp. nale\u017cy traktowa\u0107 jako przybli\u017cone. Masa w\u0142asna podana w ofercie, zam\u00f3wieniu lub w innych dokumentach mo\u017ce r\u00f3\u017cni\u0107 si\u0119 o maksymalnie +\/- 5% w celu uwzgl\u0119dnienia tolerancji produkcyjnych.<\/p>\n<p><strong>III.\u00a0\u00a0 \u00a0Ceny<\/strong><br \/>\nPodane ceny s\u0105 cenami netto Loco zak\u0142ad, w szczeg\u00f3lno\u015bci z wy\u0142\u0105czeniem podatku VAT, rabat\u00f3w, frachtu, opakowania, transportu, op\u0142at pocztowych, ce\u0142, a tak\u017ce op\u0142at i innych obci\u0105\u017ce\u0144 publicznoprawnych oraz wszelkich sk\u0142adek na ubezpieczenie autocasco i OC. Ceny s\u0105 og\u00f3lnie rozumiane jako ceny w Euro, chyba \u017ce w ofercie wyra\u017anie okre\u015blono inn\u0105 walut\u0119. Je\u015bli wystawienie faktury wymaga przeliczenia walut, zastosowanie ma kurs wymiany z dnia wystawienia faktury.<br \/>\nZasadniczo obowi\u0105zuj\u0105 ceny podane w ofercie.<br \/>\nOp\u0142aty uzgodnione w umowie mog\u0105 jednak zosta\u0107 skorygowane, je\u015bli od momentu zawarcia umowy nast\u0105pi wzrost o co najmniej 2% w odniesieniu do poszczeg\u00f3lnych sk\u0142adnik\u00f3w koszt\u00f3w, takich jak (a) koszty wynagrodze\u0144 wynikaj\u0105ce z przepis\u00f3w ustawowych, wykonawczych, uk\u0142ad\u00f3w zbiorowych, um\u00f3w zak\u0142adowych lub (b) innych czynnik\u00f3w kosztowych istotnych dla \u015bwiadczenia us\u0142ug, takich jak koszty materia\u0142\u00f3w, np. z powodu zmian cen surowc\u00f3w na rynku krajowym lub \u015bwiatowym (w szczeg\u00f3lno\u015bci stali i aluminium), zmian odpowiednich kurs\u00f3w wymiany walut, zmian cen dostawc\u00f3w zewn\u0119trznych itp. Korekta zostanie dokonana w zakresie, w jakim rzeczywiste koszty produkcji w momencie zawarcia umowy ulegn\u0105 zmianie w por\u00f3wnaniu z kosztami w momencie faktycznego wykonania us\u0142ugi. Korekta musi zosta\u0107 zg\u0142oszona najp\u00f3\u017aniej dziesi\u0119\u0107 tygodni przed zako\u0144czeniem realizacji przedmiotu dostawy.<br \/>\nZagraniczni Kontrahenci, o ile Schwarzm\u00fcller sam nie wysy\u0142a towar\u00f3w, musz\u0105 sami dostarczy\u0107 dow\u00f3d wywozu niezb\u0119dny do zwolnienia z podatku VAT i przes\u0142a\u0107 go do Schwarzm\u00fcller. W przypadku dostawy wewn\u0105trzwsp\u00f3lnotowej, Kontrahent musi poda\u0107 sw\u00f3j numer VAT nadany w innym pa\u0144stwie cz\u0142onkowskim. Je\u015bli dow\u00f3d wywozu nie zostanie dostarczony lub nie zostanie podany wa\u017cny numer VAT, Kontrahent zap\u0142aci podatek VAT firmie Schwarzm\u00fcller.<br \/>\nW przypadku wymiany pojazd\u00f3w u\u017cywanych, w przypadku obni\u017cenia warto\u015bci lub uszkodzenia pojazdu u\u017cywanego mi\u0119dzy zawarciem umowy a przej\u0119ciem, decyduj\u0105ca jest warto\u015b\u0107 ustalona w dniu przej\u0119cia.<br \/>\nWszelkie koszty dodatkowe zwi\u0105zane z umow\u0105, takie jak koszty finansowania, koszty zabezpieczenia roszczenia o zap\u0142at\u0119 ceny zakupu w ksi\u0119dze wieczystej, op\u0142aty, odsetki itp. ponosi Kontrahent.<\/p>\n<p><strong>IV.\u00a0\u00a0 \u00a0 \u00a0\u00a0 \u00a0Warunki p\u0142atno\u015bci\u00a0<\/strong><br \/>\nRoszczenia Schwarzm\u00fcller s\u0105 wymagalne niezw\u0142ocznie po wystawieniu faktury, chyba \u017ce uzgodniono inne warunki p\u0142atno\u015bci na pi\u015bmie. Wszystkie p\u0142atno\u015bci powinny by\u0107 dokonywane bez pomniejszenia o dodatkowe koszty i bez dokonywania potr\u0105ce\u0144. W przypadku op\u00f3\u017anienia w p\u0142atno\u015bci, Schwarzm\u00fcller b\u0119dzie uprawniony do naliczenia odsetek maksymalnych za op\u00f3\u017anienie obowi\u0105zuj\u0105cych w danym czasie.<br \/>\nP\u0142atno\u015bci zobowi\u0105za\u0144 mog\u0105 by\u0107 dokonywane wy\u0142\u0105cznie na rzecz firmy Schwarzm\u00fcller lub przedstawicieli wyra\u017anie upowa\u017cnionych przez firm\u0119 Schwarzm\u00fcller do pobierania p\u0142atno\u015bci. Schwarzm\u00fcller jest uprawniony do cesji wierzytelno\u015bci z tytu\u0142u ceny zakupu wobec Kontrahenta w ca\u0142o\u015bci lub w cz\u0119\u015bci.<\/p>\n<p>W przypadku kilku Kontrahent\u00f3w, ponosz\u0105 oni odpowiedzialno\u015b\u0107 solidarn\u0105.<br \/>\nKontrahent zgadza si\u0119, \u017ce wszystkie dokonane przez niego p\u0142atno\u015bci zostan\u0105 w pierwszej kolejno\u015bci zaliczone na poczet odsetek i innych op\u0142at dodatkowych, nast\u0119pnie na poczet koszt\u00f3w naprawy i roszcze\u0144 dotycz\u0105cych cz\u0119\u015bci zamiennych, a dopiero na ko\u0144cu na poczet ceny zakupu.<\/p>\n<p>Schwarzm\u00fcller mo\u017ce odm\u00f3wi\u0107 przyj\u0119cia p\u0142atno\u015bci w formie czeku lub weksla bez podania przyczyny. Czeki i weksle b\u0119d\u0105 przyjmowane wy\u0142\u0105cznie za wyra\u017an\u0105 zgod\u0105 i wy\u0142\u0105cznie na poczet p\u0142atno\u015bci, a nie w miejsce \u015bwiadczenia. Op\u0142aty za odbi\u00f3r i dyskonto ponosi Kontrahent. Przekazanie i prolongata nie s\u0105 uwa\u017cane za wywi\u0105zanie si\u0119 ze zobowi\u0105zania. Schwarzm\u00fcller nie ponosi odpowiedzialno\u015bci za terminowe przedstawienie, oprotestowanie, powiadomienie i zwrot tych \u015brodk\u00f3w p\u0142atniczych.<\/p>\n<p>Je\u017celi ze sp\u00f3\u0142k\u0105 Schwarzm\u00fcller uzgodniono p\u0142atno\u015b\u0107 w ratach, w przypadku, gdy Kontrahent zalega z p\u0142atno\u015bci\u0105 raty przez okres d\u0142u\u017cszy ni\u017c osiem dni, ca\u0142a pozosta\u0142a do zap\u0142acenia nale\u017cno\u015b\u0107 staje si\u0119 natychmiast wymagalna bez konieczno\u015bci wystosowania wezwania do zap\u0142aty. W przypadku niedotrzymania terminu Schwarzm\u00fcller b\u0119dzie uprawniony do odst\u0105pienia od umowy bez wyznaczania dodatkowego terminu.<\/p>\n<p><strong>V.\u00a0\u00a0 \u00a0 \u00a0\u00a0 \u00a0Prawo zatrzymania, zakaz dokonywania potr\u0105ce\u0144<\/strong><br \/>\nKontrahent nie jest uprawniony do wstrzymania p\u0142atno\u015bci z powodu wadliwego wykonania, jakichkolwiek roszcze\u0144 gwarancyjnych lub innych roszcze\u0144 wzajemnych jakiegokolwiek rodzaju. Potr\u0105canie z jakimikolwiek roszczeniami wzajemnymi Kontrahenta jest r\u00f3wnie\u017c wykluczone, chyba \u017ce roszczenie wzajemne zosta\u0142o ju\u017c uznane lub prawomocnie stwierdzone.<br \/>\nDo momentu zaspokojenia wszystkich roszcze\u0144 wobec Kontrahenta wynikaj\u0105cych z istniej\u0105cych stosunk\u00f3w handlowych, Schwarzm\u00fcller jest uprawniony do wykonywania prawa zatrzymania w odniesieniu do wszystkich przedmiot\u00f3w, kt\u00f3re maj\u0105 zosta\u0107 dostarczone Kontrahentowi lub kt\u00f3re zosta\u0142y ju\u017c przekazane Kontrahentowi i kt\u00f3re nadal s\u0105 w\u0142asno\u015bci\u0105, s\u0105 w posiadaniu lub zosta\u0142y przekazane Schwarzm\u00fcller.<\/p>\n<p><strong>VI.\u00a0\u00a0 \u00a0Zastrze\u017cenie prawa w\u0142asno\u015bci<\/strong><br \/>\nNiezale\u017cnie od obowi\u0105zku zap\u0142aty w momencie przej\u0119cia, wszystkie przedmioty sprzeda\u017cy pozostaj\u0105 w\u0142asno\u015bci\u0105 Schwarzm\u00fcller do momentu ca\u0142kowitego pokrycia wszystkich zobowi\u0105za\u0144 Kontrahenta wynikaj\u0105cych z umowy, w szczeg\u00f3lno\u015bci do momentu ca\u0142kowitej zap\u0142aty ceny sprzeda\u017cy oraz wszystkich powi\u0105zanych koszt\u00f3w i wydatk\u00f3w.<\/p>\n<p>Zastrze\u017cenie w\u0142asno\u015bci mo\u017cna odnotowa\u0107 w odpowiednich dokumentach i na poje\u017adzie. Je\u015bli pojazd zostanie zaj\u0119ty przez osob\u0119 trzeci\u0105, Kontrahent musi niezw\u0142ocznie poinformowa\u0107 o tym firm\u0119 Schwarzm\u00fcller listem poleconym. Kontrahent nie jest uprawniony do przekazania przedmiotu zakupu osobom trzecim, jego sprzeda\u017cy lub obci\u0105\u017cenia bez pisemnej zgody firmy Schwarzm\u00fcller. Firma Schwarzm\u00fcller musi zosta\u0107 niezw\u0142ocznie powiadomiona przez Kontrahenta o ka\u017cdej zmianie miejsca zamieszkania lub siedziby oraz o ka\u017cdym zaj\u0119ciu przedmiotu sprzeda\u017cy. Je\u015bli roszczenia Kontrahenta wobec os\u00f3b trzecich powstan\u0105 w wyniku jego dzia\u0142a\u0144 naruszaj\u0105cych umow\u0119, na przyk\u0142ad w wyniku zbycia pojazdu b\u0119d\u0105cego w\u0142asno\u015bci\u0105 firmy Schwarzm\u00fcller, Kontrahent zobowi\u0105zany jest scedowa\u0107 takie roszczenia na Schwarzm\u00fcller na jego pierwsze \u017c\u0105danie.<\/p>\n<p>Na \u017c\u0105danie Schwarzm\u00fcller, Kontrahent ubezpieczy, na czas trwania zastrze\u017cenia w\u0142asno\u015bci, przedmiot sprzeda\u017cy na pe\u0142n\u0105 warto\u015b\u0107 od wszelkich ryzyk, w tym po\u017caru, i przeniesie roszczenia z polis ubezpieczeniowych na rzecz Schwarzm\u00fcller.<br \/>\nW okresie zastrze\u017cenia prawa w\u0142asno\u015bci Kontrahent jest zobowi\u0105zany do utrzymywania przedmiotu zakupu w nale\u017cytym stanie i do zlecania wszelkich niezb\u0119dnych napraw &#8211; z wyj\u0105tkiem sytuacji awaryjnych &#8211; w warsztatach naprawczych Schwarzm\u00fcller lub w autoryzowanym warsztacie Schwarzm\u00fcller.<\/p>\n<p>Je\u015bli przedmiot zakupu zostanie odsprzedany za zgod\u0105 firmy Schwarzm\u00fcller, przed uiszczeniem zap\u0142aty Kontrahent zobowi\u0105zany jest scedowa\u0107 na Schwarzm\u00fcller nieodp\u0142atnie swoje prawa wynikaj\u0105ce z tej sprzeda\u017cy (roszczenia z tytu\u0142u ceny zakupu, zastrze\u017cenie w\u0142asno\u015bci itp.) wobec d\u0142u\u017cnika b\u0119d\u0105cego osob\u0105 trzeci\u0105. O cesji nale\u017cy powiadomi\u0107 zar\u00f3wno d\u0142u\u017cnika b\u0119d\u0105cego osob\u0105 trzeci\u0105, jak i firm\u0119 Schwarzm\u00fcller.<br \/>\nW przypadku niewype\u0142nienia zobowi\u0105za\u0144 umownych przez<\/p>\n<p>Kontrahenta, Schwarzm\u00fcller b\u0119dzie uprawniony do dochodzenia praw wynikaj\u0105cych z zastrze\u017cenia w\u0142asno\u015bci samodzielnie i bez skorzystania z pomocy s\u0105du. \u00a0W tym celu Kontrahent upowa\u017cnia Schwarzm\u00fcller w szczeg\u00f3lno\u015bci do odebrania przedmiotu dostawy i przyjmuje do wiadomo\u015bci, \u017ce odebranie nie stanowi odst\u0105pienia od umowy, a jedynie zabezpieczenie przedmiotu dostawy, chyba \u017ce Schwarzm\u00fcller o\u015bwiadczy inaczej. Takie odebranie nie stanowi podstawy do jakichkolwiek roszcze\u0144 wobec Schwarzm\u00fcller ze strony Kontrahenta.<br \/>\nW przypadku odebrania przedmiotu dostawy, Kontrahent zgadza si\u0119, \u017ce aktualna warto\u015b\u0107 rynkowa pojazdu zostanie ustalona przez bieg\u0142ego rzeczoznawc\u0119 z bran\u017cy motoryzacyjnej, kt\u00f3ry zostanie wyznaczony przez Schwarzm\u00fcller. W przypadku konieczno\u015bci sprzeda\u017cy przedmiotu dostawy, wp\u0142ywy ze sprzeda\u017cy pomniejszone o wszelkie poniesione koszty, takie jak prowizje, op\u0142aty za wycen\u0119, naprawy itp. zostan\u0105 zaliczone na poczet zaleg\u0142ych roszcze\u0144 Schwarzm\u00fcller. Kontrahent niniejszym wyra\u017anie zrzeka si\u0119 jakiegokolwiek innego wykorzystania zwr\u00f3conego przedmiotu dostawy i dalszych roszcze\u0144.<\/p>\n<p><strong>VII.\u00a0\u00a0 \u00a0Dostawa<\/strong><br \/>\nTerminy dostaw zawsze mog\u0105 ulec zmianie, chyba \u017ce zosta\u0142y wyra\u017anie uzgodnione jako wi\u0105\u017c\u0105ce w zam\u00f3wieniu. Je\u015bli zostan\u0105 one przekroczone o wi\u0119cej ni\u017c trzy miesi\u0105ce, Kontrahent mo\u017ce odst\u0105pi\u0107 od umowy po up\u0142ywie wyznaczonego przez Kontrahenta rozs\u0105dnego terminu dodatkowego. Dalsze roszczenia Kontrahenta s\u0105 wykluczone, z wyj\u0105tkiem przypadk\u00f3w ra\u017c\u0105cego zaniedbania lub umy\u015blnego dzia\u0142ania ze strony Schwarzm\u00fcller, w kt\u00f3rym to przypadku takie stopnie winy musz\u0105 zosta\u0107 udowodnione przez Kontrahenta.<br \/>\nTermin dostawy podany w zam\u00f3wieniu rozpoczyna bieg dopiero w momencie wej\u015bcia umowy w \u017cycie. Jakakolwiek zmiana w realizacji zam\u00f3wienia po wej\u015bciu umowy w \u017cycie spowoduje rozpocz\u0119cie biegu nowego terminu dostawy. Ponadto, warunkiem dotrzymania terminu dostawy ze strony Schwarzm\u00fcller jest terminowe przestrzeganie uzgodnionych warunk\u00f3w p\u0142atno\u015bci, z uwzgl\u0119dnieniem niniejszych Og\u00f3lnych Warunk\u00f3w Sprzeda\u017cy i Dostawy. Je\u015bli Kontrahent nie wywi\u0105\u017ce si\u0119 z p\u0142atno\u015bci, Schwarzm\u00fcller b\u0119dzie uprawniony do ponownego ustalenia terminu dostawy.<\/p>\n<p><strong>VIII.\u00a0\u00a0 \u00a0Si\u0142a wy\u017csza<\/strong><br \/>\nSchwarzm\u00fcller nie jest zobowi\u0105zana do wype\u0142nienia swoich zobowi\u0105za\u0144 wynikaj\u0105cych z umowy zawartej z Kontrahentem, je\u017celi zdarzenie si\u0142y wy\u017cszej uniemo\u017cliwia Schwarzm\u00fcller wykonanie tych zobowi\u0105za\u0144.<br \/>\nZdarzenie si\u0142y wy\u017cszej obejmuje ka\u017cde zdarzenie pozostaj\u0105ce poza uzasadnion\u0105 kontrol\u0105 Schwarzm\u00fcller i uniemo\u017cliwia Schwarzm\u00fcller wykonanie umowy w spos\u00f3b trwa\u0142y lub tymczasowy przez nieprzewidywalny okres czasu. Obejmuje to mi\u0119dzy innymi: wojn\u0119, epidemi\u0119, strajki, zamkni\u0119cie zak\u0142adu itp., maj\u0105ce wp\u0142yw na Schwarzm\u00fcller, dostawc\u00f3w Schwarzm\u00fcller lub osoby trzecie zaanga\u017cowane przez Schwarzm\u00fcller, a tak\u017ce \u015brodki urz\u0119dowe w zwi\u0105zku ze zdarzeniami si\u0142y wy\u017cszej.<br \/>\nJe\u017celi Schwarzm\u00fcller nie jest w stanie terminowo wywi\u0105za\u0107 si\u0119 ze swoich zobowi\u0105za\u0144 z powodu si\u0142y wy\u017cszej, termin dostawy zostanie w ka\u017cdym przypadku przed\u0142u\u017cony o okres, w kt\u00f3rym firma Schwarzm\u00fcller jest bezpo\u015brednio lub po\u015brednio pozbawiona mo\u017cliwo\u015bci wywi\u0105zania si\u0119 ze swoich zobowi\u0105za\u0144 z powodu si\u0142y wy\u017cszej.<\/p>\n<p>Je\u015bli firma Schwarzm\u00fcller nie b\u0119dzie w stanie wywi\u0105za\u0107 si\u0119 ze swoich zobowi\u0105za\u0144 z powodu dzia\u0142ania si\u0142y wy\u017cszej, Schwarzm\u00fcller przys\u0142uguje prawo odst\u0105pienia od umowy.<\/p>\n<p>Je\u015bli firma Schwarzm\u00fcller ju\u017c cz\u0119\u015bciowo wype\u0142ni\u0142a swoje zobowi\u0105zania w momencie wyst\u0105pienia si\u0142y wy\u017cszej lub je\u015bli firma Schwarzm\u00fcller mo\u017ce tylko cz\u0119\u015bciowo wype\u0142ni\u0107 swoje zobowi\u0105zania, firma Schwarzm\u00fcller b\u0119dzie uprawniona do wystawienia oddzielnej faktury za ju\u017c wykonane \u015bwiadczenie lub za t\u0119 cz\u0119\u015b\u0107, kt\u00f3r\u0105 firma Schwarzm\u00fcller mo\u017ce wykona\u0107, kt\u00f3r\u0105 Kontrahent b\u0119dzie zobowi\u0105zany uregulowa\u0107, a w pozosta\u0142ym zakresie Schwarzm\u00fcller przys\u0142uguje prawo do odst\u0105pienia od umowy.<\/p>\n<p><strong>IX.\u00a0\u00a0 \u00a0Realizacja, przej\u015bcie ryzyka<\/strong><br \/>\nSchwarzm\u00fcller wywi\u0105zuje si\u0119 ze swoich zobowi\u0105za\u0144 wynikaj\u0105cych z umowy w ka\u017cdym przypadku, gdy przedmiot umowy zosta\u0142 nale\u017cycie udost\u0119pniony do odbioru zgodnie z zam\u00f3wieniem, a Kontrahent zosta\u0142 o tym powiadomiony za pomoc\u0105 zawiadomienia o zako\u0144czeniu wykonywania przedmiotu umowy. Od daty zawiadomienia o zako\u0144czeniu prac Kontrahent ma 14 dni kalendarzowych na odbi\u00f3r przedmiotu umowy we w\u0142asnym zakresie (\u201eodbi\u00f3r EX Works\u201d, kt\u00f3ry obejmuje r\u00f3wnie\u017c odbi\u00f3r z punktu odbioru, kt\u00f3ry zostanie wyznaczony przez Schwarzm\u00fcller) lub na zorganizowanie odbioru przez przewo\u017anika.<\/p>\n<p>Ryzyko ca\u0142kowitego lub cz\u0119\u015bciowego zniszczenia, pogorszenia, utraty, uszkodzenia, zagini\u0119cia lub konfiskaty przedmiotu umowy przechodzi na Kontrahenta najp\u00f3\u017aniej z up\u0142ywem 14-dniowego terminu odbioru.<\/p>\n<p>W przypadku odbioru EX Works lub innego punktu odbioru wskazanego przez Schwarzm\u00fcller, ryzyko przechodzi na Kontrahenta lub osob\u0119 trzeci\u0105 wyznaczon\u0105 lub upowa\u017cnion\u0105 przez partnera umownego w momencie odbioru towar\u00f3w obj\u0119tych umow\u0105 (opuszczenie terenu Schwarzm\u00fcller).<\/p>\n<p>Je\u017celi towary obj\u0119te umow\u0105 s\u0105 dostarczane przez przewo\u017anika (niezale\u017cnie od tego, czy na zlecenie Kontrahenta, czy firmy Schwarzm\u00fcller), ryzyko przechodzi na Kontrahenta z chwil\u0105 przekazania ich przewo\u017anikowi (opuszczenia terenu firmy Schwarzm\u00fcller).<\/p>\n<p><strong>X.\u00a0\u00a0 \u00a0Przekazanie i sprawdzenie przedmiotu zam\u00f3wienia<\/strong><br \/>\nKontrahent lub osoba trzecia upowa\u017cniona przez Kontrahenta dokona kontroli przedmiotu umowy przy odbiorze. Oczywiste wady musz\u0105 zosta\u0107 zg\u0142oszone na pi\u015bmie na miejscu, pod rygorem utraty roszcze\u0144. W przypadku dostawy przez przewo\u017anika, przekazanie towaru przewo\u017anikowi jest decyduj\u0105ce dla momentu powstania obowi\u0105zku zawiadomienia o wadach. Inne wady nale\u017cy zg\u0142asza\u0107 na pi\u015bmie najp\u00f3\u017aniej w ci\u0105gu o\u015bmiu dni od przej\u015bcia ryzyka, pod rygorem utraty roszcze\u0144.<\/p>\n<p>Je\u015bli Kontrahent nie wywi\u0105\u017ce si\u0119 z obowi\u0105zku zawiadomienia o wadach, nie zrobi tego w odpowiednim czasie lub nie zrobi tego w spos\u00f3b kompletny, wszelkie roszczenia z tytu\u0142u gwarancji, odszkodowania lub rekompensaty za szkody nast\u0119pcze spowodowane wad\u0105, jak r\u00f3wnie\u017c wszelkie inne roszczenia z tytu\u0142u takich wad s\u0105 wykluczone. Kontrahent niezw\u0142ocznie powiadomi r\u00f3wnie\u017c Schwarzm\u00fcller na pi\u015bmie o wszelkich wadach, kt\u00f3re wyst\u0105pi\u0105 w p\u00f3\u017aniejszym terminie pod rygorem takich samych skutk\u00f3w prawnych.<br \/>\nDotyczy to odpowiednio zlece\u0144 serwisowych i napraw oraz cz\u0119\u015bci zamiennych.<\/p>\n<p>Kontrahent jest zobowi\u0105zany do udowodnienia, \u017ce domniemana wada istnia\u0142a ju\u017c w momencie przekazania. W przypadku nieprzestrzegania przepis\u00f3w okre\u015blonych przez Schwarzm\u00fcller w zakresie obs\u0142ugi, prawid\u0142owego u\u017cytkowania i przechowywania przedmiotu dostawy, domniemywa si\u0119, \u017ce takie nieprzestrzeganie jest przyczyn\u0105 domniemanej wady. Brak zwi\u0105zku przyczynowego musi zosta\u0107 udowodniony przez Kontrahenta.<\/p>\n<p>Schwarzm\u00fcller i Kontrahent zgodnie z art. 558 \u00a7 1 Kodeksu cywilnego wy\u0142\u0105czaj\u0105 odpowiedzialno\u015b\u0107 Schwarzm\u00fcller z tytu\u0142u r\u0119kojmi.<\/p>\n<p><strong>XI.\u00a0\u00a0 \u00a0Zw\u0142oka i op\u00f3\u017anienie<\/strong><br \/>\nOd momentu zawiadomienia o zako\u0144czeniu wykonywania przedmiotu umowy, Kontrahent ma 14 dni kalendarzowych na odbi\u00f3r przedmiotu umowy. Od 15. dnia kalendarzowego po powiadomieniu o zako\u0144czeniu wykonywania przedmiotu umowy, Schwarzm\u00fcller jest uprawniony do naliczenia zrycza\u0142towanej op\u0142aty za post\u00f3j w wysoko\u015bci 7,00 EUR za dzie\u0144. Dochodzenie roszcze\u0144 odszkodowawczych przekraczaj\u0105cych t\u0119 kwot\u0119 pozostaje nienaruszone.<\/p>\n<p>W przypadku niewywi\u0105zania si\u0119 z umowy przez Kontrahenta, w szczeg\u00f3lno\u015bci w przypadku braku zap\u0142aty ceny sprzeda\u017cy lub w przypadku op\u00f3\u017anienia w przej\u0119ciu pojazdu, Schwarzm\u00fcller ma prawo odst\u0105pi\u0107 od umowy po up\u0142ywie wyznaczonego dodatkowego 14-dniowego okresu na odbi\u00f3r.<\/p>\n<p>W przypadku niewykonania umowy przez Kontrahenta i uzasadnionego odst\u0105pienia od umowy przez Schwarzm\u00fcller, Schwarzm\u00fcller b\u0119dzie uprawniona do naliczenia kary umownej, niezale\u017cnie od winy, w wysoko\u015bci 15% uzgodnionej ceny sprzeda\u017cy.<\/p>\n<p>Wszelkie dalsze roszczenia odszkodowawcze Schwarzm\u00fcller (w tym utrata zysku) pozostaj\u0105 niezmienione. W przypadku zawinienia, Kontrahent jest ponadto zobowi\u0105zany do zwrotu prowizji faktycznie zap\u0142aconej przez firm\u0119 Schwarzm\u00fcller odpowiedzialnemu przedstawicielowi firmy Schwarzm\u00fcller. Kontrahent nie jest uprawniony do podniesienia zarzutu, \u017ce prowizja nie mog\u0142a zosta\u0107 zap\u0142acona z powodu zawinionego przez niego odst\u0105pienia od umowy.<\/p>\n<p><strong>XII.\u00a0\u00a0 \u00a0Zwrot cz\u0119\u015bci zamiennych<\/strong><br \/>\nZwrot cz\u0119\u015bci zamiennych jest zasadniczo mo\u017cliwy tylko wtedy, gdy Kontrahent przedstawi firmie Schwarzm\u00fcller pisemne uzasadnienie \u017c\u0105dania zwrotu w ci\u0105gu 14 dni od dostawy. Schwarzm\u00fcller mo\u017ce je potwierdzi\u0107 lub odrzuci\u0107 z uzasadnionych powod\u00f3w. Zwrot jest mo\u017cliwy tylko w przypadku nowych i nieuszkodzonych cz\u0119\u015bci. Kontrahent zwr\u00f3ci cz\u0119\u015bci zamienne na w\u0142asny koszt i ryzyko. Schwarzm\u00fcller zastrzega sobie prawo do pomniejszenia zwracanej ceny brutto o 10% tytu\u0142em zrekompensowania koszt\u00f3w administracyjnych. Zwrot jest wykluczony w przypadku cz\u0119\u015bci zamiennych, kt\u00f3re zosta\u0142y wyprodukowane w wersji specjalnej na \u017cyczenie Kontrahenta.<\/p>\n<p><strong>XIII.\u00a0\u00a0 \u00a0Obowi\u0105zek przestrzegania okres\u00f3w przegl\u0105dowych\u00a0<\/strong><br \/>\nPierwszy serwis musi zosta\u0107 przeprowadzony po pi\u0119ciu tygodniach lub po przejechaniu maksymalnie 10 000 km od daty przej\u0119cia pojazdu, w zale\u017cno\u015bci od tego, co nast\u0105pi wcze\u015bniej. Pierwszy serwis mo\u017ce by\u0107 wykonywany wy\u0142\u0105cznie przez firm\u0119 Schwarzm\u00fcller lub partner\u00f3w serwisowych firmy Schwarzm\u00fcller.<\/p>\n<p>Punkty kontroli i konserwacji dla pierwszego serwisu s\u0105 przedstawione w ksi\u0105\u017cce serwisowej, a zatem s\u0105 r\u00f3wnie\u017c dost\u0119pne dla pierwszego nabywcy lub w\u0142a\u015bciciela pojazdu. Po pierwszym serwisie wymagane s\u0105 coroczne kontrole serwisowe. Roczny okres mi\u0119dzyprzegl\u0105dowy wynosi dwana\u015bcie miesi\u0119cy lub 125 000 km od momentu przekazania pojazdu, w zale\u017cno\u015bci od tego, co nast\u0105pi wcze\u015bniej.<br \/>\nTolerancja na wykonanie corocznego przegl\u0105du wynosi trzy miesi\u0105ce lub 30 000 km. Tolerancja ta nie dotyczy pierwszego serwisu (pi\u0119\u0107 tygodni lub 10 000 km). Tolerancja nie mo\u017ce zosta\u0107 przeniesiona na kolejny rok. Wszystkie cz\u0119\u015bci eksploatacyjne musz\u0105 by\u0107 konserwowane i wymieniane indywidualnie, w zale\u017cno\u015bci od ich stanu.<\/p>\n<p><strong>XIV.\u00a0\u00a0 \u00a0Gwarancja<br \/>\nOkres gwarancji:<\/strong><br \/>\nOkres gwarancji jest ograniczony do maksymalnego przebiegu 250 000 km lub maksymalnie dw\u00f3ch lat od przekazania, w zale\u017cno\u015bci od tego, co nast\u0105pi wcze\u015bniej. W przypadku odsprzeda\u017cy osobom trzecim, okres gwarancji zostanie skr\u00f3cony do jednego roku od dnia przekazania pierwszemu nabywcy.<\/p>\n<p>Nale\u017cy dok\u0142adnie przestrzega\u0107 zalecanych interwa\u0142\u00f3w serwisowych (Punkt XIII). Je\u015bli zalecane interwa\u0142y serwisowe nie s\u0105 dok\u0142adnie przestrzegane, okres gwarancji zostanie skr\u00f3cony do jednego roku od przekazania, niezale\u017cnie od tego, czy jakiekolwiek wady mo\u017cna przypisa\u0107 nieprzestrzeganiu interwa\u0142\u00f3w serwisowych. Zgodno\u015b\u0107 z interwa\u0142ami serwisowymi nale\u017cy udowodni\u0107, przedstawiaj\u0105c wype\u0142nion\u0105 ksi\u0105\u017ck\u0119 serwisow\u0105.<\/p>\n<p><strong>Dalsze warunki gwarancji:<\/strong><br \/>\nW drugim roku po przekazaniu, roszczenia gwarancyjne mog\u0105 by\u0107 dochodzone tylko wtedy, gdy dok\u0142adne przestrzeganie zalecanych okres\u00f3w mi\u0119dzyprzegl\u0105dowych i innych warunk\u00f3w konserwacji zostanie udowodnione poprzez przed\u0142o\u017cenie w pe\u0142ni wype\u0142nionej ksi\u0105\u017cki serwisowej Schwarzm\u00fcller.<\/p>\n<p>Wady musz\u0105 zosta\u0107 zg\u0142oszone na pi\u015bmie w ci\u0105gu o\u015bmiu dni od ich wykrycia w centrum serwisowym Schwarzm\u00fcller, w przeciwnym razie roszczenia zostan\u0105 utracone.<\/p>\n<p>Gwarancja zostanie zrealizowana wed\u0142ug uznania Schwarzm\u00fcller poprzez napraw\u0119 w warsztacie Schwarzm\u00fcller lub przez partnera serwisowego lub poprzez wys\u0142anie wadliwych cz\u0119\u015bci do warsztatu wyznaczonego przez Schwarzm\u00fcller. Transport\/przesy\u0142ka do odpowiedniego warsztatu i z powrotem odbywa si\u0119 na koszt i ryzyko Kontrahenta.<\/p>\n<p>W danym, uzasadnionym przypadku obj\u0119tym gwarancj\u0105, nast\u0119puje jedynie wymiana wadliwego materia\u0142u. Poniesione koszty wynagrodze\u0144 oraz koszty monta\u017cu i demonta\u017cu ponosi Kontrahent.<\/p>\n<p>Cz\u0119\u015bci wymienione lub usuni\u0119te w ramach gwarancji staj\u0105 si\u0119 w\u0142asno\u015bci\u0105 firmy Schwarzm\u00fcller.<\/p>\n<p><strong>Ograniczenia i wy\u0142\u0105czenia gwarancji:<\/strong><br \/>\nSchwarzm\u00fcller nie udziela gwarancji na cz\u0119\u015bci, kt\u00f3re nie zosta\u0142y wyprodukowane przez Schwarzm\u00fcller, ale jest gotowy do przeniesienia na Kontrahenta wszelkich roszcze\u0144, kt\u00f3re przys\u0142uguj\u0105 mu wobec producenta z tytu\u0142u wady.<\/p>\n<p>Szk\u0142o nie jest obj\u0119te gwarancj\u0105.<\/p>\n<p>Uszkodzenia lakieru s\u0105 obj\u0119te gwarancj\u0105 tylko wtedy, gdy s\u0105 spowodowane wadami materia\u0142owymi lub produkcyjnymi.<\/p>\n<p>Gwarancja wygasa w szczeg\u00f3lno\u015bci, je\u017celi:<\/p>\n<ul>\n<li>instrukcje dotycz\u0105ce prawid\u0142owego u\u017cytkowania lub obs\u0142ugi pojazdu zgodnie z instrukcj\u0105\/instrukcjami obs\u0142ugi, ksi\u0105\u017ck\u0105\/ksi\u0105\u017ckami serwisowymi lub jak\u0105kolwiek dodatkow\u0105 dokumentacj\u0105 nie by\u0142y przestrzegane<\/li>\n<li>pojazd nie by\u0142 u\u017cytkowany zgodnie z jego przeznaczeniem<\/li>\n<li>przekroczono dopuszczaln\u0105 mas\u0119 ca\u0142kowit\u0105 lub dopuszczalne obci\u0105\u017cenie osi<\/li>\n<li>pojazd z wad\u0105 pozostawa\u0142 w u\u017cyciu<\/li>\n<li>pojazd by\u0142 czyszczony myjk\u0105 parow\u0105 lub wysokoci\u015bnieniow\u0105 w ci\u0105gu pierwszych dw\u00f3ch miesi\u0119cy<\/li>\n<li>czynno\u015bci serwisowe i konserwacyjne zosta\u0142y wykonane przez nieupowa\u017cnione podmioty<\/li>\n<li>pojazd zosta\u0142 zmodyfikowany przez osoby nieupowa\u017cnione lub zamontowano w nim niecertyfikowane cz\u0119\u015bci zamienne<\/li>\n<li>pojazd zosta\u0142 poddany nieautoryzowanym modyfikacjom<\/li>\n<li>agresywne media (np. kwasy, zasady itp.) by\u0142y transportowane bez zgody Schwarzm\u00fcller.<\/li>\n<\/ul>\n<p>Szkody spowodowane umy\u015blnie lub przez zaniedbanie, a tak\u017ce niew\u0142a\u015bciw\u0105 obs\u0142ug\u0119 lub wypadki ze strony Kontrahenta podlegaj\u0105 wy\u0142\u0105czeniu z gwarancji. Podobnie wady wynikaj\u0105ce z naturalnego zu\u017cycia nie s\u0105 obj\u0119te gwarancj\u0105.<\/p>\n<p>W odniesieniu do u\u017cytych cz\u0119\u015bci\/cz\u0119\u015bci zamiennych, jak r\u00f3wnie\u017c napraw wykonanych w ramach gwarancji, zastosowanie maj\u0105 warunki i ograniczenia okre\u015blone w niniejszych Og\u00f3lnych Warunkach Sprzeda\u017cy i Dostawy z dodatkowym zastrze\u017ceniem, \u017ce okres gwarancji ko\u0144czy si\u0119 wraz z pierwotnym okresem gwarancji na ca\u0142y przedmiot umowy, w tym r\u00f3wnie\u017c na wymienione cz\u0119\u015bci.<\/p>\n<p>Schwarzm\u00fcller nie ponosi \u017cadnej odpowiedzialno\u015bci za zepsucie, utrat\u0119 lub uszkodzenie wszystkich przedmiot\u00f3w nale\u017c\u0105cych do kupuj\u0105cego z powodu po\u017caru, zalania, w\u0142amania, kradzie\u017cy, grabie\u017cy lub przyczyn, za kt\u00f3re Schwarzm\u00fcller nie ponosi odpowiedzialno\u015bci.<\/p>\n<p><strong>XV. \u00a0\u00a0 \u00a0Ograniczenie odpowiedzialno\u015bci, wykluczenie mo\u017cliwo\u015bci unikni\u0119cia b\u0142\u0119du i odpowiedzialno\u015bci za produkt<\/strong><br \/>\nFirma Schwarzm\u00fcller ponosi odpowiedzialno\u015b\u0107 za wszelkie szkody wy\u0142\u0105cznie w przypadku ra\u017c\u0105cego niedbalstwa i dzia\u0142ania umy\u015blnego. Ci\u0119\u017car dowodu istnienia ra\u017c\u0105cego niedbalstwa lub umy\u015blno\u015bci spoczywa na Kontrahencie. Ograniczenia odpowiedzialno\u015bci nie maj\u0105 zastosowania do szk\u00f3d na osobach.<\/p>\n<p>Wy\u0142\u0105czona jest odpowiedzialno\u015b\u0107 za szkody nast\u0119pcze, straty finansowe, utrat\u0119 zysku, utrat\u0119 odsetek i szkody wynikaj\u0105ce z roszcze\u0144 os\u00f3b trzecich wobec Kontrahenta, a tak\u017ce szkody po\u015brednie.<\/p>\n<p>Przedmiot zakupu zapewnia tylko taki poziom bezpiecze\u0144stwa, jakiego mo\u017cna oczekiwa\u0107 na podstawie przepis\u00f3w homologacyjnych, instrukcji obs\u0142ugi, przepis\u00f3w zak\u0142adu dostarczaj\u0105cego dotycz\u0105cych obs\u0142ugi przedmiotu dostawy (instrukcji obs\u0142ugi) &#8211; w szczeg\u00f3lno\u015bci w odniesieniu do zalecanych kontroli &#8211; oraz innych podanych instrukcji.<br \/>\nKwestionowanie umowy z powodu b\u0142\u0119du jest wykluczone.<\/p>\n<p>W celu oceny wszelkich roszcze\u0144 odszkodowawczych lub roszcze\u0144 gwarancyjnych, Schwarzm\u00fcller lub partner upowa\u017cniony przez Schwarzm\u00fcller jest uprawniony do uzyskania danych niezb\u0119dnych do oceny takich roszcze\u0144 (np. odczyt elektronicznych urz\u0105dze\u0144 rejestruj\u0105cych dane). W zamian, Kontrahent zobowi\u0105zuje si\u0119 akceptowa\u0107 wszelkie podj\u0119te dzia\u0142ania sprawdzaj\u0105ce.<\/p>\n<p><strong>XVI. \u00a0\u00a0 \u00a0Informacje o ochronie danych , RODO<\/strong><br \/>\nPodanie danych osobowych przez Kontrahenta jest niezb\u0119dne do realizacji zam\u00f3wienia.<br \/>\nAdministratorem danych osobowych (\u201eAdministrator\u201d) przekazanych przez Kontrahent\u00f3w jest: Schwarzm\u00fcller-Polska Sp\u00f3\u0142ka z ograniczon\u0105 odpowiedzialno\u015bci\u0105 z siedzib\u0105 w B\u0142oniu, ul. Powsta\u0144c\u00f3w 97A, 05-870 B\u0142onie. Kontakt z administratorem danych osobowych: ___@_________.<br \/>\nDane osobowe przetwarzane b\u0119d\u0105 zgodnie z zapisami Rozporz\u0105dzenia PE i Rady (UE) 2016\/679 w sprawie ochrony os\u00f3b fizycznych w zwi\u0105zku z przetwarzaniem danych osobowych i w sprawie swobodnego przep\u0142ywu takich danych oraz uchylenia dyrektywy 95\/4\/WE (dalej: Rozporz\u0105dzenie, RODO) oraz ustaw kt\u00f3re wesz\u0142y w \u017cycie w zwi\u0105zku powy\u017cszym Rozporz\u0105dzeniem.<br \/>\nDane osobowe dotycz\u0105ce Kontrahent\u00f3w b\u0119d\u0105 gromadzone, przetwarzane (tak\u017ce automatycznie) i przechowywane w celach zwi\u0105zanych z:<\/p>\n<ul>\n<li>zawarciem i wykonaniem zam\u00f3wienia (art. 6 ust. 1 lit. b RODO),<\/li>\n<li>wykonywaniem ci\u0105\u017c\u0105cych na Administratorze ustawowych obowi\u0105zk\u00f3w, w szczeg\u00f3lno\u015bci podatkowych (art. 6 ust. 1 lit. c RODO),<\/li>\n<li>dochodzeniem roszcze\u0144 z tytu\u0142u prowadzonej dzia\u0142alno\u015bci gospodarczej, obrony przed tymi roszczeniami w ramach prawnie uzasadnionego interesu Administratora (art. 6 ust 1 lit. f RODO).<\/li>\n<\/ul>\n<p>W zakresie niezb\u0119dnym do produkcji, a tym samym do realizacji umowy, dane osobowe b\u0119d\u0105 przekazywane nast\u0119puj\u0105cym sp\u00f3\u0142kom Schwarzm\u00fcller: Schwarzm\u00fcller Kft. W\u0119gry (Cg: 13-09-068664), Schwarzm\u00fcller s.r.o. Czeczenia (IC 46885820), Schwarzm\u00fcller Niemcy GmbH (HRB9333), SCHWARZM\u00dcLLER SR, s.r.o. S\u0142owacja (31446175), Schwarzm\u00fcller Croatia d.o.o. Chorwacja (MBS:080224831), Schwarzm\u03cbller Polska Sp. z o.o. Polska (KRS 0000370208), Schwarzmueller d.o.o. Dobanovci Serbia i Czarnog\u00f3ra (17408780), Schwarzm\u00fcller Romania SRL Rumunia (RO 14835621), Schwarzmueller Ukraine GmbH Ukraina (33296133), Schwarzmueller Bulgarien OOD Bu\u0142garia (EIK175119877), Schwarzm\u00fcller BH d.o.o. Bo\u015bnia i Hercegowina (65-01-1099-12).<\/p>\n<p>Ponadto, dane osobowe mog\u0105 by\u0107 przekazywane podmiotom \u015bwiadcz\u0105cym na rzecz Schwarzm\u00fcller us\u0142ugi: ksi\u0119gowe, informatyczne, prawne, podatkowe, windykacyjne, audytorsko-kontrolne, kurierskie i archiwizacyjne, a tak\u017ce podmiotom wobec kt\u00f3rych na Administratorze ci\u0105\u017cy obowi\u0105zek udost\u0119pnienia tych danych wynikaj\u0105cy z przepis\u00f3w prawa.<\/p>\n<p>Dane osobowe b\u0119d\u0105 przetwarzane przez okres trwania stosunku umownego oraz okres przedawnienia roszcze\u0144, w zakresie niezb\u0119dnym dla dochodzenia ewentualnych roszcze\u0144 lub obrony przed takimi roszczeniami przez Schwarzm\u00fcller. Po tym okresie dane b\u0119d\u0105 przetwarzane jedynie w zakresie i przez czas wymagany przepisami prawa.<\/p>\n<p>Kontrahent ma prawo dost\u0119pu do swoich danych osobowych, ich sprostowania, usuni\u0119cia lub ograniczenia przetwarzania, prawo do przenoszenia danych oraz prawo do wniesienia sprzeciwu wobec przetwarzania, przy czym to ostatnie prawo przys\u0142uguje jedynie w sytuacji, je\u017celi dalsze przetwarzanie nie jest niezb\u0119dne do wywi\u0105zania si\u0119 przez Administratora z obowi\u0105zku prawnego i nie wyst\u0119puj\u0105 inne nadrz\u0119dne prawne podstawy przetwarzania.<\/p>\n<p>W przypadku, gdy Schwarzm\u00fcller dzia\u0142a jako przedstawiciel (agent) sp\u00f3\u0142ek wskazanych w Punkcie I niniejszych Og\u00f3lnych Warunk\u00f3w Sprzeda\u017cy i Dostawy, administratorem danych osobowych przekazanych przez Kontrahent\u00f3w jest sp\u00f3\u0142ka, w imieniu kt\u00f3rej dzia\u0142a Schwarzm\u00fcller.<\/p>\n<p>Wi\u0119cej informacji na temat prawa do ochrony danych osobowych i praw os\u00f3b, kt\u00f3rych dane dotycz\u0105, mo\u017cna znale\u017a\u0107 w naszej polityce prywatno\u015bci, kt\u00f3ra jest dost\u0119pna na naszej stronie internetowej https:\/\/www.schwarzmueller.com.<\/p>\n<p><strong>XVII. \u00a0\u00a0 \u00a0Ochrona praw w\u0142asno\u015bci intelektualnej<\/strong><br \/>\nSchwarzm\u00fcller zastrzega sobie prawo w\u0142asno\u015bci oraz prawa autorskie i inne prawa do wszystkich ofert i kosztorys\u00f3w przedstawionych przez Schwarzm\u00fcller, do ilustracji, plan\u00f3w, rysunk\u00f3w, norm, wykres\u00f3w, grafik, zdj\u0119\u0107, oblicze\u0144, broszur, katalog\u00f3w, modeli, narz\u0119dzi i innych dokument\u00f3w i pomocy (\u201eDokumenty\u201d) dostarczonych &#8211; czy to na no\u015bnikach danych, w formie drukowanej lub jako materia\u0142 do druku lub przygotowania do druku &#8211; kt\u00f3re s\u0105 przekazywane Kontrahentowi. Wszystkie te prawa, jak r\u00f3wnie\u017c prawa do znak\u00f3w towarowych i wzor\u00f3w nale\u017c\u0105 do Schwarzm\u00fcller lub sp\u00f3\u0142ki z grupy sp\u00f3\u0142ek Schwarzm\u00fcller. Dokumenty te zawieraj\u0105 r\u00f3wnie\u017c tajemnice handlowe i nie mog\u0105 by\u0107 udost\u0119pniane ani znane stronom trzecim, zar\u00f3wno pod wzgl\u0119dem przedmiotu, jak i tre\u015bci, ani nie mog\u0105 by\u0107 wykorzystywane ani powielane przez nich samych lub osoby trzecie bez wyra\u017anej zgody Schwarzm\u00fcller. Na \u017c\u0105danie Schwarzm\u00fcller dokumenty te zostan\u0105 zwr\u00f3cone Schwarzm\u00fcller w ca\u0142o\u015bci, a wszelkie wykonane kopie zostan\u0105 zniszczone, chyba \u017ce odpowiednie prawa zostan\u0105 przyznane w drodze zawarcia umowy.<\/p>\n<p><strong>XVIII.\u00a0\u00a0 \u00a0Postanowienia ko\u0144cowe<\/strong><br \/>\nUzgodniono, \u017ce j\u0119zykiem umowy jest j\u0119zyk polski.<br \/>\nJe\u017celi poszczeg\u00f3lne cz\u0119\u015bci niniejszych Og\u00f3lnych Warunk\u00f3w Sprzeda\u017cy i Dostawy s\u0105 lub stan\u0105 si\u0119 niewa\u017cne lub bezskuteczne, nie b\u0119dzie to mia\u0142o wp\u0142ywu na pozosta\u0142e postanowienia. Zapisy, kt\u00f3rych to dotyczy, nale\u017cy zast\u0105pi\u0107 takimi przepisami, kt\u00f3re najlepiej spe\u0142niaj\u0105 pierwotnie zamierzony cel.<\/p>\n<p>Umowy, w kt\u00f3rych stron\u0105 jest Schwarzm\u00fcller, w tym niniejsze Og\u00f3lne Warunki Sprzeda\u017cy i Dostawy, podlegaj\u0105 prawu polskiemu. Wy\u0142\u0105cza si\u0119 stosowanie postanowie\u0144 Konwencji Narod\u00f3w Zjednoczonych o umowach mi\u0119dzynarodowej sprzeda\u017cy towar\u00f3w sporz\u0105dzonej w Wiedniu dnia 11 kwietnia 1980r.<\/p>\n<p>S\u0105dem w\u0142a\u015bciwym dla rozpoznania spor\u00f3w zwi\u0105zanych z umow\u0105, kt\u00f3rej stron\u0105 jest Schwarzm\u00fcller, b\u0119dzie s\u0105d w\u0142a\u015bciwy miejscowo dla siedziby Schwarzm\u00fcller.<\/p>\n<\/div>\n<div id=\"c16362\" class=\"frame frame-type-text frame-layout-0 frame-space-before-extra-large frame-space-after-extra-large frame-padding-top-none frame-padding-bottom-none frame-\">\n<div class=\"ce-content\">\n<div id=\"c16366\" class=\"frame frame-type-text frame-layout-0 frame-space-before-extra-large frame-space-after-extra-large frame-padding-top-none frame-padding-bottom-none frame-\">\n<div class=\"ce-content\">\n<div id=\"c27032\" class=\"frame frame-type-text frame-layout-0 frame-space-before-extra-large frame-space-after-extra-large frame-padding-top-none frame-padding-bottom-none frame-\">\n<div class=\"ce-content\"><\/div>\n<\/div>\n<\/div>\n<\/div>\n<\/div>\n<\/div>\n<\/div>\n<\/div>\n<\/div><\/section>\n\n<\/div><\/div><\/div><!-- close content main div --><\/div><\/div><div id='owh-kraje'  class='avia-section av-m1ekh21d-e7156caebf40d1f2ae2323dd9d4b41d3 main_color avia-section-default avia-no-border-styling  avia-builder-el-3  el_after_av_section  avia-builder-el-last  avia-bg-style-scroll container_wrap sidebar_left'  ><div class='container av-section-cont-open' ><div class='template-page content  av-content-small units'><div class='post-entry post-entry-type-page post-entry-62427'><div class='entry-content-wrapper clearfix'>\n<section  class='av_textblock_section av-m1ekhin0-386cc506b6089cf941f5d04d3f6596d8 '   itemscope=\"itemscope\" itemtype=\"https:\/\/schema.org\/CreativeWork\" ><div class='avia_textblock'  itemprop=\"text\" ><div>\n<ul>\n<li><a href=\"https:\/\/schwarzmueller.com\/wp-content\/uploads\/2024\/06\/Schwarzmueller-Gruppe-AGB-2023-06-AUT.pdf\" target=\"_blank\" rel=\"noopener\">Og\u00f3lne Warunki Sprzeda\u017cy i Dostaw AUT<\/a><\/li>\n<li><a href=\"https:\/\/schwarzmueller.com\/wp-content\/uploads\/2024\/06\/VOP_Verze_2024_04.pdf\" target=\"_blank\" rel=\"noopener\">Og\u00f3lne Warunki Sprzeda\u017cy i Dostaw CZE<\/a><\/li>\n<li><a href=\"https:\/\/schwarzmueller.com\/wp-content\/uploads\/2024\/06\/Schwarzmueller-Gruppe-AGB-2023-06-DEU-Eltmann.pdf\" target=\"_blank\" rel=\"noopener\">Og\u00f3lne Warunki Sprzeda\u017cy i Dostaw DEU_Eltmann<\/a><\/li>\n<li><a href=\"https:\/\/schwarzmueller.com\/wp-content\/uploads\/2024\/06\/Schwarzmueller-Gruppe-AGB-2023-06-DEU-Passau.pdf\" target=\"_blank\" rel=\"noopener\">Og\u00f3lne Warunki Sprzeda\u017cy i Dostaw DEU_Passau<\/a><\/li>\n<li><a href=\"https:\/\/schwarzmueller.com\/wp-content\/uploads\/2024\/06\/Schwarzmueller-Gruppe-AGB-2024-03-ENG.pdf\" target=\"_blank\" rel=\"noopener\">Og\u00f3lne Warunki Sprzeda\u017cy i Dostaw ENG<\/a><\/li>\n<li><a href=\"https:\/\/schwarzmueller.com\/wp-content\/uploads\/2024\/09\/Schwarzmueller-Gruppe-AGB-2023-06-HUN-20240715.pdf\" target=\"_blank\" rel=\"noopener\">Og\u00f3lne Warunki Sprzeda\u017cy i Dostaw HUN<\/a><\/li>\n<li><a href=\"https:\/\/schwarzmueller.com\/wp-content\/uploads\/2024\/06\/Schwarzmueller-Gruppe-AGB-2023-09-POL.pdf\" target=\"_blank\" rel=\"noopener\">Og\u00f3lne Warunki Sprzeda\u017cy i Dostaw POL<\/a><\/li>\n<li><a href=\"https:\/\/schwarzmueller.com\/wp-content\/uploads\/2024\/06\/Schwarzmueller-Gruppe-AGB-2023-06-ROU.pdf\" target=\"_blank\" rel=\"noopener\">Og\u00f3lne Warunki Sprzeda\u017cy i Dostaw ROU<\/a><\/li>\n<li><a href=\"https:\/\/schwarzmueller.com\/wp-content\/uploads\/2024\/06\/Schwarzmueller-Gruppe-AGB-2023-06-UKR.pdf\" target=\"_blank\" rel=\"noopener\">Og\u00f3lne Warunki Sprzeda\u017cy i Dostaw UKR<\/a><\/li>\n<li><a href=\"https:\/\/schwarzmueller.com\/wp-content\/uploads\/2025\/05\/OPCI-UVJETI-Schwarzmueller-grupe-01.04.2024.-hr.pdf\" target=\"_blank\" rel=\"noopener\">Og\u00f3lne Warunki Sprzeda\u017cy i Dostaw HRV\/SRB<\/a><\/li>\n<\/ul>\n<\/div>\n<\/div><\/section>\n<\/div><\/div><\/div><!-- close content main div --><\/div><\/div><div id='after_section_2'  class='main_color av_default_container_wrap container_wrap sidebar_left'  ><div class='container av-section-cont-open' ><div class='template-page content  av-content-small units'><div class='post-entry post-entry-type-page post-entry-62427'><div class='entry-content-wrapper clearfix'>\n","protected":false},"excerpt":{"rendered":"","protected":false},"author":11,"featured_media":0,"parent":76950,"menu_order":0,"comment_status":"closed","ping_status":"open","template":"","meta":{"_acf_changed":false,"_relevanssi_hide_post":"","_relevanssi_hide_content":"","_relevanssi_pin_for_all":"","_relevanssi_pin_keywords":"","_relevanssi_unpin_keywords":"","_relevanssi_related_keywords":"","_relevanssi_related_include_ids":"","_relevanssi_related_exclude_ids":"","_relevanssi_related_no_append":"","_relevanssi_related_not_related":"","_relevanssi_related_posts":"51116,51322,51335,51052,51045,51115","_relevanssi_noindex_reason":"","footnotes":""},"class_list":["post-62427","page","type-page","status-publish","hentry"],"acf":[],"yoast_head":"<!-- This site is optimized with the Yoast SEO Premium plugin v26.4 (Yoast SEO v27.2) - https:\/\/yoast.com\/product\/yoast-seo-premium-wordpress\/ -->\n<title>OWH - Schwarzm\u00fcller<\/title>\n<meta name=\"robots\" content=\"index, follow, max-snippet:-1, max-image-preview:large, max-video-preview:-1\" \/>\n<link rel=\"canonical\" href=\"https:\/\/schwarzmueller.com\/pl\/informacje-kontakt\/owh\/\" \/>\n<meta property=\"og:locale\" content=\"pl_PL\" \/>\n<meta property=\"og:type\" content=\"article\" \/>\n<meta property=\"og:title\" content=\"OWH\" \/>\n<meta property=\"og:url\" content=\"https:\/\/schwarzmueller.com\/pl\/informacje-kontakt\/owh\/\" \/>\n<meta property=\"og:site_name\" content=\"Schwarzm\u00fcller\" \/>\n<meta property=\"article:modified_time\" content=\"2025-11-25T10:18:20+00:00\" \/>\n<meta property=\"og:image\" content=\"https:\/\/schwarzmueller.com\/wp-content\/uploads\/2024\/03\/csm_schwarzmueller-IAA-2022-tp-schubboden_60f424c13a.jpg\" \/>\n\t<meta property=\"og:image:width\" content=\"768\" \/>\n\t<meta property=\"og:image:height\" content=\"480\" \/>\n\t<meta property=\"og:image:type\" content=\"image\/jpeg\" \/>\n<meta name=\"twitter:card\" content=\"summary_large_image\" \/>\n<meta name=\"twitter:label1\" content=\"Szacowany czas czytania\" \/>\n\t<meta name=\"twitter:data1\" content=\"23 minuty\" \/>\n<script type=\"application\/ld+json\" class=\"yoast-schema-graph\">{\"@context\":\"https:\/\/schema.org\",\"@graph\":[{\"@type\":\"WebPage\",\"@id\":\"https:\/\/schwarzmueller.com\/pl\/informacje-kontakt\/owh\/\",\"url\":\"https:\/\/schwarzmueller.com\/pl\/informacje-kontakt\/owh\/\",\"name\":\"OWH - Schwarzm\u00fcller\",\"isPartOf\":{\"@id\":\"https:\/\/schwarzmueller.com\/en\/#website\"},\"datePublished\":\"2024-05-31T14:17:21+00:00\",\"dateModified\":\"2025-11-25T10:18:20+00:00\",\"breadcrumb\":{\"@id\":\"https:\/\/schwarzmueller.com\/pl\/informacje-kontakt\/owh\/#breadcrumb\"},\"inLanguage\":\"pl-PL\",\"potentialAction\":[{\"@type\":\"ReadAction\",\"target\":[\"https:\/\/schwarzmueller.com\/pl\/informacje-kontakt\/owh\/\"]}]},{\"@type\":\"BreadcrumbList\",\"@id\":\"https:\/\/schwarzmueller.com\/pl\/informacje-kontakt\/owh\/#breadcrumb\",\"itemListElement\":[{\"@type\":\"ListItem\",\"position\":1,\"name\":\"Home\",\"item\":\"https:\/\/schwarzmueller.com\/pl\/home-2\/\"},{\"@type\":\"ListItem\",\"position\":2,\"name\":\"Informacje kontakt\",\"item\":\"https:\/\/schwarzmueller.com\/pl\/informacje-kontakt\/\"},{\"@type\":\"ListItem\",\"position\":3,\"name\":\"OWH\"}]},{\"@type\":\"WebSite\",\"@id\":\"https:\/\/schwarzmueller.com\/en\/#website\",\"url\":\"https:\/\/schwarzmueller.com\/en\/\",\"name\":\"Schwarzm\u00fcller | Intelligente Fahrzeuge\",\"description\":\"Ganz auf exzellente Fahrzeugtechnik gebaut\",\"publisher\":{\"@id\":\"https:\/\/schwarzmueller.com\/en\/#organization\"},\"alternateName\":\"Schwarzm\u00fcller\",\"potentialAction\":[{\"@type\":\"SearchAction\",\"target\":{\"@type\":\"EntryPoint\",\"urlTemplate\":\"https:\/\/schwarzmueller.com\/en\/?s={search_term_string}\"},\"query-input\":{\"@type\":\"PropertyValueSpecification\",\"valueRequired\":true,\"valueName\":\"search_term_string\"}}],\"inLanguage\":\"pl-PL\"},{\"@type\":\"Organization\",\"@id\":\"https:\/\/schwarzmueller.com\/en\/#organization\",\"name\":\"Schwarzm\u00fcller\",\"url\":\"https:\/\/schwarzmueller.com\/en\/\",\"logo\":{\"@type\":\"ImageObject\",\"inLanguage\":\"pl-PL\",\"@id\":\"https:\/\/schwarzmueller.com\/en\/#\/schema\/logo\/image\/\",\"url\":\"https:\/\/schwarzmueller.com\/wp-content\/uploads\/2024\/05\/sm_icon_logo.svg\",\"contentUrl\":\"https:\/\/schwarzmueller.com\/wp-content\/uploads\/2024\/05\/sm_icon_logo.svg\",\"width\":1,\"height\":1,\"caption\":\"Schwarzm\u00fcller\"},\"image\":{\"@id\":\"https:\/\/schwarzmueller.com\/en\/#\/schema\/logo\/image\/\"}}]}<\/script>\n<!-- \/ Yoast SEO Premium plugin. -->","yoast_head_json":{"title":"OWH - Schwarzm\u00fcller","robots":{"index":"index","follow":"follow","max-snippet":"max-snippet:-1","max-image-preview":"max-image-preview:large","max-video-preview":"max-video-preview:-1"},"canonical":"https:\/\/schwarzmueller.com\/pl\/informacje-kontakt\/owh\/","og_locale":"pl_PL","og_type":"article","og_title":"OWH","og_url":"https:\/\/schwarzmueller.com\/pl\/informacje-kontakt\/owh\/","og_site_name":"Schwarzm\u00fcller","article_modified_time":"2025-11-25T10:18:20+00:00","og_image":[{"width":768,"height":480,"url":"https:\/\/schwarzmueller.com\/wp-content\/uploads\/2024\/03\/csm_schwarzmueller-IAA-2022-tp-schubboden_60f424c13a.jpg","type":"image\/jpeg"}],"twitter_card":"summary_large_image","twitter_misc":{"Szacowany czas czytania":"23 minuty"},"schema":{"@context":"https:\/\/schema.org","@graph":[{"@type":"WebPage","@id":"https:\/\/schwarzmueller.com\/pl\/informacje-kontakt\/owh\/","url":"https:\/\/schwarzmueller.com\/pl\/informacje-kontakt\/owh\/","name":"OWH - Schwarzm\u00fcller","isPartOf":{"@id":"https:\/\/schwarzmueller.com\/en\/#website"},"datePublished":"2024-05-31T14:17:21+00:00","dateModified":"2025-11-25T10:18:20+00:00","breadcrumb":{"@id":"https:\/\/schwarzmueller.com\/pl\/informacje-kontakt\/owh\/#breadcrumb"},"inLanguage":"pl-PL","potentialAction":[{"@type":"ReadAction","target":["https:\/\/schwarzmueller.com\/pl\/informacje-kontakt\/owh\/"]}]},{"@type":"BreadcrumbList","@id":"https:\/\/schwarzmueller.com\/pl\/informacje-kontakt\/owh\/#breadcrumb","itemListElement":[{"@type":"ListItem","position":1,"name":"Home","item":"https:\/\/schwarzmueller.com\/pl\/home-2\/"},{"@type":"ListItem","position":2,"name":"Informacje kontakt","item":"https:\/\/schwarzmueller.com\/pl\/informacje-kontakt\/"},{"@type":"ListItem","position":3,"name":"OWH"}]},{"@type":"WebSite","@id":"https:\/\/schwarzmueller.com\/en\/#website","url":"https:\/\/schwarzmueller.com\/en\/","name":"Schwarzm\u00fcller | Intelligente Fahrzeuge","description":"Ganz auf exzellente Fahrzeugtechnik gebaut","publisher":{"@id":"https:\/\/schwarzmueller.com\/en\/#organization"},"alternateName":"Schwarzm\u00fcller","potentialAction":[{"@type":"SearchAction","target":{"@type":"EntryPoint","urlTemplate":"https:\/\/schwarzmueller.com\/en\/?s={search_term_string}"},"query-input":{"@type":"PropertyValueSpecification","valueRequired":true,"valueName":"search_term_string"}}],"inLanguage":"pl-PL"},{"@type":"Organization","@id":"https:\/\/schwarzmueller.com\/en\/#organization","name":"Schwarzm\u00fcller","url":"https:\/\/schwarzmueller.com\/en\/","logo":{"@type":"ImageObject","inLanguage":"pl-PL","@id":"https:\/\/schwarzmueller.com\/en\/#\/schema\/logo\/image\/","url":"https:\/\/schwarzmueller.com\/wp-content\/uploads\/2024\/05\/sm_icon_logo.svg","contentUrl":"https:\/\/schwarzmueller.com\/wp-content\/uploads\/2024\/05\/sm_icon_logo.svg","width":1,"height":1,"caption":"Schwarzm\u00fcller"},"image":{"@id":"https:\/\/schwarzmueller.com\/en\/#\/schema\/logo\/image\/"}}]}},"_links":{"self":[{"href":"https:\/\/schwarzmueller.com\/pl\/wp-json\/wp\/v2\/pages\/62427","targetHints":{"allow":["GET"]}}],"collection":[{"href":"https:\/\/schwarzmueller.com\/pl\/wp-json\/wp\/v2\/pages"}],"about":[{"href":"https:\/\/schwarzmueller.com\/pl\/wp-json\/wp\/v2\/types\/page"}],"author":[{"embeddable":true,"href":"https:\/\/schwarzmueller.com\/pl\/wp-json\/wp\/v2\/users\/11"}],"replies":[{"embeddable":true,"href":"https:\/\/schwarzmueller.com\/pl\/wp-json\/wp\/v2\/comments?post=62427"}],"version-history":[{"count":14,"href":"https:\/\/schwarzmueller.com\/pl\/wp-json\/wp\/v2\/pages\/62427\/revisions"}],"predecessor-version":[{"id":89350,"href":"https:\/\/schwarzmueller.com\/pl\/wp-json\/wp\/v2\/pages\/62427\/revisions\/89350"}],"up":[{"embeddable":true,"href":"https:\/\/schwarzmueller.com\/pl\/wp-json\/wp\/v2\/pages\/76950"}],"wp:attachment":[{"href":"https:\/\/schwarzmueller.com\/pl\/wp-json\/wp\/v2\/media?parent=62427"}],"curies":[{"name":"wp","href":"https:\/\/api.w.org\/{rel}","templated":true}]}}