{"id":62501,"date":"2024-05-31T12:54:29","date_gmt":"2024-05-31T10:54:29","guid":{"rendered":"https:\/\/schwarzmueller.com\/impressum\/"},"modified":"2024-09-18T15:21:30","modified_gmt":"2024-09-18T13:21:30","slug":"impresszum","status":"publish","type":"page","link":"https:\/\/schwarzmueller.com\/hu\/info-es-kapcsolat\/impresszum\/","title":{"rendered":"Impresszum"},"content":{"rendered":"<\/p>\n<section  class='av_textblock_section av-vjna4z-ac3e59bf0cbbc09fee358efdb3b612ce '   itemscope=\"itemscope\" itemtype=\"https:\/\/schema.org\/CreativeWork\" ><div class='avia_textblock sch-breadcrumb'  itemprop=\"text\" ><div class=\"breadcrumb breadcrumbs avia-breadcrumbs\"><div class=\"breadcrumb-trail\" ><span class=\"trail-before\"><span class=\"breadcrumb-title\">\u00d6n itt \u00e1ll:<\/span><\/span> <span  itemscope=\"itemscope\" itemtype=\"https:\/\/schema.org\/BreadcrumbList\" ><span  itemscope=\"itemscope\" itemtype=\"https:\/\/schema.org\/ListItem\" itemprop=\"itemListElement\" ><a itemprop=\"url\" href=\"https:\/\/schwarzmueller.com\/hu\/\" title=\"Schwarzm\u00fcller\" rel=\"home\" class=\"trail-begin\"><span itemprop=\"name\">Kezd\u0151lap<\/span><\/a><span itemprop=\"position\" class=\"hidden\">1<\/span><\/span><\/span><\/div><\/div>\n<\/div><\/section>\n<\/div><\/div><\/div><!-- close content main div --><\/div><\/div><div id='av_section_1'  class='avia-section av-r99kz7-1ea735a43648ada920aba34715bd7dcb main_color avia-section-default avia-no-border-styling  avia-builder-el-1  el_after_av_textblock  avia-builder-el-last  avia-bg-style-scroll container_wrap sidebar_left'  ><div class='container av-section-cont-open' ><div class='template-page content  av-content-small units'><div class='post-entry post-entry-type-page post-entry-62501'><div class='entry-content-wrapper clearfix'>\n<section  class='av_textblock_section av-lwukekfh-ca293aa8d515a8ae38e856109bce3a1b '   itemscope=\"itemscope\" itemtype=\"https:\/\/schema.org\/CreativeWork\" ><div class='avia_textblock'  itemprop=\"text\" ><h1>Impresszum<\/h1>\n<p><strong>C\u00e9gn\u00e9v:<\/strong>\u00a0Wilhelm Schwarzm\u00fcller GmbH<br \/>\n<strong>C\u00edm<\/strong><strong>:<\/strong>\u00a0Hanzing 11, 4785 Freinberg, Austria<br \/>\n<strong>V\u00e1llalkoz\u00e1si tev\u00e9kenys\u00e9g:\u00a0<\/strong>Teherg\u00e9pkocsis p\u00f3tkocsik \u00e9s fel\u00e9p\u00edtm\u00e9nyek<br \/>\n<strong>C\u00e9gjegyz\u00e9ksz\u00e1m:<\/strong>\u00a0364874f<br \/>\n<strong>C\u00e9gb\u00edr\u00f3s\u00e1g:\u00a0<\/strong>Ried im Innkreis-i C\u00e9gb\u00edr\u00f3s\u00e1g<br \/>\n<strong>Hat\u00f3s\u00e1g: ECG:<\/strong>\u00a0BH Sch\u00e4rding\/Inn<br \/>\n<strong>\u00c1FA az. sz.:<\/strong>\u00a0ATU66565433<br \/>\nA Fels\u0151-Ausztriai Gazdas\u00e1gi Kamara tagja<br \/>\nCopyright by Wilhelm Schwarzm\u00fcller GmbH, Hanzing 11, 4785 Freinberg, Ausztria<\/p>\n<p><strong>Kapcsolat:<\/strong><br \/>\nTel.: +43 7713 800-0<br \/>\nFax: +43 7713 800-297<br \/>\n<a href=\"mailto:office@schwarzmueller.com\">office@schwarzmueller.com<\/a><br \/>\n<a href=\"http:\/\/www.schwarzmueller.com\/\" target=\"_blank\" rel=\"noopener\">www.schwarzmueller.com<\/a><\/p>\n<p>A Wilhelm Schwarzm\u00fcller GmbH nem szavatol a\u00a0rendelkez\u00e9sre bocs\u00e1tott inform\u00e1ci\u00f3k teljess\u00e9g\u00e9\u00e9rt, min\u0151s\u00e9g\u00e9\u00e9rt vagy id\u0151szer\u0171s\u00e9g\u00e9\u00e9rt. Mindenf\u00e9le ig\u00e9ny kiz\u00e1rt a\u00a0Wilhelm Schwarzm\u00fcller GmbH-val szemben, amely az aj\u00e1nlati inform\u00e1ci\u00f3k haszn\u00e1lat\u00e1val vagy nem haszn\u00e1lat\u00e1val keletkeztek. Ugyanez \u00e9rv\u00e9nyes minden m\u00e1s internetoldalra is, amelyekre hiperlinkekkel hivatkoznak. A Wilhelm Schwarzm\u00fcller GmbH nem felel\u0151s a\u00a0hiperlinkekkel el\u00e9rhet\u0151 internetes oldalak tartalm\u00e1\u00e9rt.<\/p>\n<p>Minden aj\u00e1nlat k\u00f6telezetts\u00e9g n\u00e9lk\u00fcli \u00e9s nem k\u00f6telez\u0151 erej\u0171. A Wilhelm Schwarzm\u00fcller GmbH kifejezetten fenntartja mag\u00e1nak, hogy a\u00a0r\u00e9szeket vagy a\u00a0teljes aj\u00e1nlatot k\u00fcl\u00f6n bejelent\u00e9s n\u00e9lk\u00fcl megv\u00e1ltoztassa vagy t\u00f6r\u00f6lje vagy a\u00a0k\u00f6zz\u00e9t\u00e9telt is ideiglenesen vagy v\u00e9glegesen le\u00e1ll\u00edtsa.<\/p>\n<p>A jelen honlap tartalma \u00e9s fel\u00e9p\u00edt\u00e9se szerz\u0151i jogv\u00e9delem hat\u00e1lya alatt \u00e1ll. Az inform\u00e1ci\u00f3k vagy adatok sokszoros\u00edt\u00e1sa csak szem\u00e9lyes \u00e9s inform\u00e1ci\u00f3s c\u00e9l\u00fa haszn\u00e1latra enged\u00e9lyezett. Az internetes prezent\u00e1ci\u00f3 m\u00e1solat\u00e1nak k\u00e9sz\u00edt\u00e9se \u00e9s haszn\u00e1lata elektronikus vagy nyomtatott form\u00e1ban csak akkor enged\u00e9lyezett, ha a\u00a0tartalom \u2013 bele\u00e9rtve a\u00a0szerz\u0151i \u00e9s a\u00a0copyright adatokat \u2013 v\u00e1ltozatlan marad.<\/p>\n<p>A Wilhelm Schwarzm\u00fcller GmbH az osztr\u00e1k jog szerint l\u00e9tes\u00fclt \u00e9s az osztr\u00e1k jog hat\u00e1lya al\u00e1 tartozik. Ez vonatkozik a\u00a0t\u00e1rgyi adal\u00e9kra \u00e9s az internetes megjelen\u00e9sre is. Ez\u00e9rt kiz\u00e1rt minden nem\u0171 ig\u00e9ny, amely a\u00a0t\u00f6rv\u00e9nyi rendelkez\u00e9sek harmadik \u00e1llamban t\u00f6rt\u00e9n\u0151 be nem tart\u00e1s\u00e1n alapul.<\/p>\n<\/div><\/section>\n<\/div><\/div><\/div><!-- close content main div --><\/div><\/div><div id='after_section_1'  class='main_color av_default_container_wrap container_wrap sidebar_left'  ><div class='container av-section-cont-open' ><div class='template-page content  av-content-small units'><div class='post-entry post-entry-type-page post-entry-62501'><div class='entry-content-wrapper clearfix'>\n","protected":false},"excerpt":{"rendered":"","protected":false},"author":11,"featured_media":0,"parent":76948,"menu_order":0,"comment_status":"closed","ping_status":"open","template":"","meta":{"_acf_changed":false,"_relevanssi_hide_post":"","_relevanssi_hide_content":"","_relevanssi_pin_for_all":"","_relevanssi_pin_keywords":"","_relevanssi_unpin_keywords":"","_relevanssi_related_keywords":"","_relevanssi_related_include_ids":"","_relevanssi_related_exclude_ids":"","_relevanssi_related_no_append":"","_relevanssi_related_not_related":"","_relevanssi_related_posts":"37413,37349,37816,37331,37430,37299","_relevanssi_noindex_reason":"","footnotes":""},"class_list":["post-62501","page","type-page","status-publish","hentry"],"acf":[],"yoast_head":"<!-- This site is optimized with the Yoast SEO Premium plugin v26.4 (Yoast SEO v27.2) - https:\/\/yoast.com\/product\/yoast-seo-premium-wordpress\/ -->\n<title>Impresszum - Schwarzm\u00fcller<\/title>\n<meta name=\"robots\" content=\"index, follow, max-snippet:-1, max-image-preview:large, max-video-preview:-1\" \/>\n<link rel=\"canonical\" href=\"https:\/\/schwarzmueller.com\/hu\/info-es-kapcsolat\/impresszum\/\" \/>\n<meta property=\"og:locale\" content=\"hu_HU\" \/>\n<meta property=\"og:type\" content=\"article\" \/>\n<meta property=\"og:title\" content=\"Impresszum\" \/>\n<meta property=\"og:url\" content=\"https:\/\/schwarzmueller.com\/hu\/info-es-kapcsolat\/impresszum\/\" \/>\n<meta property=\"og:site_name\" content=\"Schwarzm\u00fcller\" \/>\n<meta property=\"article:modified_time\" content=\"2024-09-18T13:21:30+00:00\" \/>\n<meta property=\"og:image\" content=\"https:\/\/schwarzmueller.com\/wp-content\/uploads\/2024\/03\/csm_schwarzmueller-IAA-2022-tp-schubboden_60f424c13a.jpg\" \/>\n\t<meta property=\"og:image:width\" content=\"768\" \/>\n\t<meta property=\"og:image:height\" content=\"480\" \/>\n\t<meta property=\"og:image:type\" content=\"image\/jpeg\" \/>\n<meta name=\"twitter:card\" content=\"summary_large_image\" \/>\n<meta name=\"twitter:label1\" content=\"Becs\u00fclt olvas\u00e1si id\u0151\" \/>\n\t<meta name=\"twitter:data1\" content=\"2 perc\" \/>\n<script type=\"application\/ld+json\" class=\"yoast-schema-graph\">{\"@context\":\"https:\/\/schema.org\",\"@graph\":[{\"@type\":\"WebPage\",\"@id\":\"https:\/\/schwarzmueller.com\/hu\/info-es-kapcsolat\/impresszum\/\",\"url\":\"https:\/\/schwarzmueller.com\/hu\/info-es-kapcsolat\/impresszum\/\",\"name\":\"Impresszum - Schwarzm\u00fcller\",\"isPartOf\":{\"@id\":\"https:\/\/schwarzmueller.com\/en\/#website\"},\"datePublished\":\"2024-05-31T10:54:29+00:00\",\"dateModified\":\"2024-09-18T13:21:30+00:00\",\"breadcrumb\":{\"@id\":\"https:\/\/schwarzmueller.com\/hu\/info-es-kapcsolat\/impresszum\/#breadcrumb\"},\"inLanguage\":\"hu\",\"potentialAction\":[{\"@type\":\"ReadAction\",\"target\":[\"https:\/\/schwarzmueller.com\/hu\/info-es-kapcsolat\/impresszum\/\"]}]},{\"@type\":\"BreadcrumbList\",\"@id\":\"https:\/\/schwarzmueller.com\/hu\/info-es-kapcsolat\/impresszum\/#breadcrumb\",\"itemListElement\":[{\"@type\":\"ListItem\",\"position\":1,\"name\":\"Home\",\"item\":\"https:\/\/schwarzmueller.com\/hu\/home-2\/\"},{\"@type\":\"ListItem\",\"position\":2,\"name\":\"Info es kapcsola\",\"item\":\"https:\/\/schwarzmueller.com\/hu\/info-es-kapcsolat\/\"},{\"@type\":\"ListItem\",\"position\":3,\"name\":\"Impresszum\"}]},{\"@type\":\"WebSite\",\"@id\":\"https:\/\/schwarzmueller.com\/en\/#website\",\"url\":\"https:\/\/schwarzmueller.com\/en\/\",\"name\":\"Schwarzm\u00fcller | Intelligente Fahrzeuge\",\"description\":\"Ganz auf exzellente Fahrzeugtechnik gebaut\",\"publisher\":{\"@id\":\"https:\/\/schwarzmueller.com\/en\/#organization\"},\"alternateName\":\"Schwarzm\u00fcller\",\"potentialAction\":[{\"@type\":\"SearchAction\",\"target\":{\"@type\":\"EntryPoint\",\"urlTemplate\":\"https:\/\/schwarzmueller.com\/en\/?s={search_term_string}\"},\"query-input\":{\"@type\":\"PropertyValueSpecification\",\"valueRequired\":true,\"valueName\":\"search_term_string\"}}],\"inLanguage\":\"hu\"},{\"@type\":\"Organization\",\"@id\":\"https:\/\/schwarzmueller.com\/en\/#organization\",\"name\":\"Schwarzm\u00fcller\",\"url\":\"https:\/\/schwarzmueller.com\/en\/\",\"logo\":{\"@type\":\"ImageObject\",\"inLanguage\":\"hu\",\"@id\":\"https:\/\/schwarzmueller.com\/en\/#\/schema\/logo\/image\/\",\"url\":\"https:\/\/schwarzmueller.com\/wp-content\/uploads\/2024\/05\/sm_icon_logo.svg\",\"contentUrl\":\"https:\/\/schwarzmueller.com\/wp-content\/uploads\/2024\/05\/sm_icon_logo.svg\",\"width\":1,\"height\":1,\"caption\":\"Schwarzm\u00fcller\"},\"image\":{\"@id\":\"https:\/\/schwarzmueller.com\/en\/#\/schema\/logo\/image\/\"}}]}<\/script>\n<!-- \/ Yoast SEO Premium plugin. -->","yoast_head_json":{"title":"Impresszum - Schwarzm\u00fcller","robots":{"index":"index","follow":"follow","max-snippet":"max-snippet:-1","max-image-preview":"max-image-preview:large","max-video-preview":"max-video-preview:-1"},"canonical":"https:\/\/schwarzmueller.com\/hu\/info-es-kapcsolat\/impresszum\/","og_locale":"hu_HU","og_type":"article","og_title":"Impresszum","og_url":"https:\/\/schwarzmueller.com\/hu\/info-es-kapcsolat\/impresszum\/","og_site_name":"Schwarzm\u00fcller","article_modified_time":"2024-09-18T13:21:30+00:00","og_image":[{"width":768,"height":480,"url":"https:\/\/schwarzmueller.com\/wp-content\/uploads\/2024\/03\/csm_schwarzmueller-IAA-2022-tp-schubboden_60f424c13a.jpg","type":"image\/jpeg"}],"twitter_card":"summary_large_image","twitter_misc":{"Becs\u00fclt olvas\u00e1si id\u0151":"2 perc"},"schema":{"@context":"https:\/\/schema.org","@graph":[{"@type":"WebPage","@id":"https:\/\/schwarzmueller.com\/hu\/info-es-kapcsolat\/impresszum\/","url":"https:\/\/schwarzmueller.com\/hu\/info-es-kapcsolat\/impresszum\/","name":"Impresszum - Schwarzm\u00fcller","isPartOf":{"@id":"https:\/\/schwarzmueller.com\/en\/#website"},"datePublished":"2024-05-31T10:54:29+00:00","dateModified":"2024-09-18T13:21:30+00:00","breadcrumb":{"@id":"https:\/\/schwarzmueller.com\/hu\/info-es-kapcsolat\/impresszum\/#breadcrumb"},"inLanguage":"hu","potentialAction":[{"@type":"ReadAction","target":["https:\/\/schwarzmueller.com\/hu\/info-es-kapcsolat\/impresszum\/"]}]},{"@type":"BreadcrumbList","@id":"https:\/\/schwarzmueller.com\/hu\/info-es-kapcsolat\/impresszum\/#breadcrumb","itemListElement":[{"@type":"ListItem","position":1,"name":"Home","item":"https:\/\/schwarzmueller.com\/hu\/home-2\/"},{"@type":"ListItem","position":2,"name":"Info es kapcsola","item":"https:\/\/schwarzmueller.com\/hu\/info-es-kapcsolat\/"},{"@type":"ListItem","position":3,"name":"Impresszum"}]},{"@type":"WebSite","@id":"https:\/\/schwarzmueller.com\/en\/#website","url":"https:\/\/schwarzmueller.com\/en\/","name":"Schwarzm\u00fcller | Intelligente Fahrzeuge","description":"Ganz auf exzellente Fahrzeugtechnik gebaut","publisher":{"@id":"https:\/\/schwarzmueller.com\/en\/#organization"},"alternateName":"Schwarzm\u00fcller","potentialAction":[{"@type":"SearchAction","target":{"@type":"EntryPoint","urlTemplate":"https:\/\/schwarzmueller.com\/en\/?s={search_term_string}"},"query-input":{"@type":"PropertyValueSpecification","valueRequired":true,"valueName":"search_term_string"}}],"inLanguage":"hu"},{"@type":"Organization","@id":"https:\/\/schwarzmueller.com\/en\/#organization","name":"Schwarzm\u00fcller","url":"https:\/\/schwarzmueller.com\/en\/","logo":{"@type":"ImageObject","inLanguage":"hu","@id":"https:\/\/schwarzmueller.com\/en\/#\/schema\/logo\/image\/","url":"https:\/\/schwarzmueller.com\/wp-content\/uploads\/2024\/05\/sm_icon_logo.svg","contentUrl":"https:\/\/schwarzmueller.com\/wp-content\/uploads\/2024\/05\/sm_icon_logo.svg","width":1,"height":1,"caption":"Schwarzm\u00fcller"},"image":{"@id":"https:\/\/schwarzmueller.com\/en\/#\/schema\/logo\/image\/"}}]}},"_links":{"self":[{"href":"https:\/\/schwarzmueller.com\/hu\/wp-json\/wp\/v2\/pages\/62501","targetHints":{"allow":["GET"]}}],"collection":[{"href":"https:\/\/schwarzmueller.com\/hu\/wp-json\/wp\/v2\/pages"}],"about":[{"href":"https:\/\/schwarzmueller.com\/hu\/wp-json\/wp\/v2\/types\/page"}],"author":[{"embeddable":true,"href":"https:\/\/schwarzmueller.com\/hu\/wp-json\/wp\/v2\/users\/11"}],"replies":[{"embeddable":true,"href":"https:\/\/schwarzmueller.com\/hu\/wp-json\/wp\/v2\/comments?post=62501"}],"version-history":[{"count":6,"href":"https:\/\/schwarzmueller.com\/hu\/wp-json\/wp\/v2\/pages\/62501\/revisions"}],"predecessor-version":[{"id":76978,"href":"https:\/\/schwarzmueller.com\/hu\/wp-json\/wp\/v2\/pages\/62501\/revisions\/76978"}],"up":[{"embeddable":true,"href":"https:\/\/schwarzmueller.com\/hu\/wp-json\/wp\/v2\/pages\/76948"}],"wp:attachment":[{"href":"https:\/\/schwarzmueller.com\/hu\/wp-json\/wp\/v2\/media?parent=62501"}],"curies":[{"name":"wp","href":"https:\/\/api.w.org\/{rel}","templated":true}]}}